{"id":2200,"date":"2023-12-04T16:35:36","date_gmt":"2023-12-04T20:35:36","guid":{"rendered":"https:\/\/zenitx.com\/sc\/?post_type=docs&#038;p=2200"},"modified":"2024-01-05T16:26:13","modified_gmt":"2024-01-05T20:26:13","password":"","slug":"forma-de-la-ventana-principal","status":"publish","type":"docs","link":"https:\/\/zenitx.com\/sc\/know\/forma-de-la-ventana-principal\/","title":{"rendered":"Forma de la Ventana Principal"},"content":{"rendered":"\n<p>Mientras permanece en el di\u00e1logo previo de ingreso al sistema, clic con el bot\u00f3n derecho sobre la zona de la imagen del usuario, despliega un peque\u00f1o men\u00fa flotante que permite seleccionar la forma de ventana principal con la cual iniciar el ERP.<\/p>\n\n\n\n<figure class=\"wp-block-image size-full is-resized\"><img fetchpriority=\"high\" decoding=\"async\" width=\"583\" height=\"189\" src=\"https:\/\/zenitx.com\/sc\/wp-content\/uploads\/2023\/12\/image-53.png\" alt=\"\" class=\"wp-image-2202\" style=\"width:403px;height:auto\" srcset=\"https:\/\/zenitx.com\/sc\/wp-content\/uploads\/2023\/12\/image-53.png 583w, https:\/\/zenitx.com\/sc\/wp-content\/uploads\/2023\/12\/image-53-300x97.png 300w\" sizes=\"(max-width: 583px) 100vw, 583px\" \/><\/figure>\n\n\n\n<p>Esta selecci\u00f3n de la forma de la ventana aplica al comienzo; durante la sesi\u00f3n el usuario puede desplazarla, redimensionarla, minimizarla o maximizarla.<\/p>\n\n\n\n<p>Existe una l\u00f3gica de posicionamiento de los di\u00e1logos basada en la forma inicial de la ventana, que es respetada, aunque el usuario la modifique luego.<\/p>\n\n\n\n<p>Por omisi\u00f3n Sigue\u00ae ERP inicia con la ventana en Pantalla Completa, excepto si el par\u00e1metro de pie libre correspondiente es mayor que cero en los atributos UI espec\u00edficos, caso en que inicia con Pie Libre.<\/p>\n\n\n<div class=\"callout precaucion\">\n    <em class=\"titulo\">Precauci\u00f3n<\/em>\n    <p>Sigue\u00ae ERP requiere una resoluci\u00f3n de 1024 x 768 pixeles como m\u00ednimo. Si la pantalla donde intenta ejecutarlo tiene menos, avisa al intentar entrar, sugiere modificarla y no contin\u00faa.<\/p>\n<p>La resoluci\u00f3n y las coordenadas de pantalla son obtenidas y manejadas por Sigue\u00ae ERP independiente de la resoluci\u00f3n o tipo de la misma.<\/p>\n\n<\/div>\t\t<style>div.callout {\n    padding: 0.6rem;\n    background-color: #deeaf6;\n    margin-bottom: 0.9rem;\n    \n    --callout-color-precaucion: #ff0000;\n    --callout-color-nota: #ffc000;\n    --callout-color-sugerencia: #00b050;\n    --callout-color-genial: #00b0f0;\n    --callout-color-code: #c717cb;\n    --callout-color-cita: #767171;\n    --callout-background-color-cita: #f2f2f2;\n    \n    --callout-border-width: 6px;\n}\n\ndiv.precaucion {\n    border-left: var(--callout-color-precaucion) solid var(--callout-border-width);\n    --callout-color-titulo: var(--callout-color-precaucion);\n}\ndiv.nota {\n    border-left: var(--callout-color-nota) solid var(--callout-border-width);\n    --callout-color-titulo: #ed7d32;\n}\ndiv.sugerencia {\n    border-left: var(--callout-color-sugerencia) solid var(--callout-border-width);\n    --callout-color-titulo: var(--callout-color-sugerencia);\n}\ndiv.genial {\n    border-left: var(--callout-color-genial) solid var(--callout-border-width);\n    --callout-color-titulo: var(--callout-color-genial);\n}\ndiv.code {\n    border-left: var(--callout-color-code) solid var(--callout-border-width);\n    --callout-color-titulo: var(--callout-color-code);\n    font-size:0.9em;\n}\ndiv.cita {\n    border-left: var(--callout-color-cita) solid var(--callout-border-width);\n    --callout-color-titulo: var(--callout-color-cita);\n    background-color: var(--callout-background-color-cita);\n    font-style:italic;\n}\n\ndiv.callout > :first-child {\n\tmargin-top:0;\n}\ndiv.callout > :last-child {\n\tmargin-bottom:0;\n}\n\ndiv.callout > em.titulo {\n    display:block;\n    color: var(--callout-color-titulo);\n    font-weight:500;\n    font-size:1rem;\n    line-height:1.2;\n    margin-block-end:0.2rem;\n}\n\ndiv.callout > *:empty {\n    display:none;\n}<\/style>\n\t\t\n\n\n<h2 class=\"wp-block-heading\">Pantalla completa<\/h2>\n\n\n\n<figure class=\"wp-block-image size-full\"><img decoding=\"async\" width=\"771\" height=\"386\" src=\"https:\/\/zenitx.com\/sc\/wp-content\/uploads\/2023\/12\/image-54.png\" alt=\"\" class=\"wp-image-2203\" srcset=\"https:\/\/zenitx.com\/sc\/wp-content\/uploads\/2023\/12\/image-54.png 771w, https:\/\/zenitx.com\/sc\/wp-content\/uploads\/2023\/12\/image-54-300x150.png 300w, https:\/\/zenitx.com\/sc\/wp-content\/uploads\/2023\/12\/image-54-768x384.png 768w\" sizes=\"(max-width: 771px) 100vw, 771px\" \/><\/figure>\n\n\n\n<p>La ventana principal ocupa toda la pantalla y los di\u00e1logos de trabajo se centran vertical y horizontalmente en su interior. Recomendable para los usuarios que usan mayormente Sigue\u00ae y de forma m\u00e1s bien sencilla.<\/p>\n\n\n\n<h2 class=\"wp-block-heading\">Pie Libre<\/h2>\n\n\n\n<figure class=\"wp-block-image size-large\"><img decoding=\"async\" width=\"1024\" height=\"555\" src=\"https:\/\/zenitx.com\/sc\/wp-content\/uploads\/2023\/12\/asd-1024x555.png\" alt=\"\" class=\"wp-image-2207\" srcset=\"https:\/\/zenitx.com\/sc\/wp-content\/uploads\/2023\/12\/asd-1024x555.png 1024w, https:\/\/zenitx.com\/sc\/wp-content\/uploads\/2023\/12\/asd-300x162.png 300w, https:\/\/zenitx.com\/sc\/wp-content\/uploads\/2023\/12\/asd-768x416.png 768w, https:\/\/zenitx.com\/sc\/wp-content\/uploads\/2023\/12\/asd.png 1300w\" sizes=\"(max-width: 1024px) 100vw, 1024px\" \/><\/figure>\n\n\n\n<p>La ventana se posiciona en la parte superior de la pantalla y ajusta su altura para dejar libre al pie los pixeles que indique la configuraci\u00f3n en los atributos UI espec\u00edficos del ERP, donde se puede indicar tambi\u00e9n, con una l\u00f3gica similar, los pixeles que dejar\u00e1n libres las ventanas del gestor de informes y de gr\u00e1ficos.<\/p>\n\n\n\n<p>Recomendable para usuarios que usan pantallas t\u00e1ctiles con teclado en pantalla, especialmente cuando la resoluci\u00f3n no es muy alta y se necesita optimizar el espacio. Lo usual es posicionar el teclado en la parte inferior. Los di\u00e1logos de Sigue\u00ae se centran dentro de su ventana, respetando la distribuci\u00f3n de los espacios.<\/p>\n\n\n\n<h2 class=\"wp-block-heading\">Barra superior de acceso<\/h2>\n\n\n\n<figure class=\"wp-block-image size-full\"><img loading=\"lazy\" decoding=\"async\" width=\"793\" height=\"425\" src=\"https:\/\/zenitx.com\/sc\/wp-content\/uploads\/2023\/12\/image-55.png\" alt=\"\" class=\"wp-image-2204\" srcset=\"https:\/\/zenitx.com\/sc\/wp-content\/uploads\/2023\/12\/image-55.png 793w, https:\/\/zenitx.com\/sc\/wp-content\/uploads\/2023\/12\/image-55-300x161.png 300w, https:\/\/zenitx.com\/sc\/wp-content\/uploads\/2023\/12\/image-55-768x412.png 768w\" sizes=\"(max-width: 793px) 100vw, 793px\" \/><\/figure>\n\n\n\n<p>La ventana de Sigue\u00ae se posiciona en la parte superior de la pantalla y se limita a la altura m\u00ednima necesaria para contener los men\u00fas superiores de texto y de iconos y la barra de datos. Los di\u00e1logos se despliegan a continuaci\u00f3n de la ventana, hacia abajo.<\/p>\n\n\n\n<p>Adecuado para usuarios que quieren ver otros contenidos en la misma pantalla mientras ejecutan Sigue\u00ae, que para el caso deja libres las zonas que no ocupa.<\/p>\n\n\n\n<h2 class=\"wp-block-heading\">Modo Servicios<\/h2>\n\n\n\n<figure class=\"wp-block-image size-full\"><img loading=\"lazy\" decoding=\"async\" width=\"792\" height=\"431\" src=\"https:\/\/zenitx.com\/sc\/wp-content\/uploads\/2023\/12\/image-56.png\" alt=\"\" class=\"wp-image-2205\" srcset=\"https:\/\/zenitx.com\/sc\/wp-content\/uploads\/2023\/12\/image-56.png 792w, https:\/\/zenitx.com\/sc\/wp-content\/uploads\/2023\/12\/image-56-300x163.png 300w, https:\/\/zenitx.com\/sc\/wp-content\/uploads\/2023\/12\/image-56-768x418.png 768w\" sizes=\"(max-width: 792px) 100vw, 792px\" \/><\/figure>\n\n\n\n<p>La ventana de Sigue\u00ae se posiciona en la esquina inferior derecha de la pantalla y su tama\u00f1o se limita a la altura y anchura que se indique para ello en los atributos UI espec\u00edficos del ERP.<\/p>\n\n\n\n<p>Pensado para ejecutar procesos dentro de Sigue\u00ae ERP en modo simulaci\u00f3n de servicios, como el servicio de sincronizaci\u00f3n local, donde el di\u00e1logo se posiciona tambi\u00e9n en esa esquina, dejando libre el resto de la pantalla que, para el caso de la muestra, es compartida con un software de desarrollo (arriba) y con un navegador web (izquierda).<\/p>\n","protected":false},"excerpt":{"rendered":"<p>Mientras permanece en el di\u00e1logo previo de ingreso al sistema, clic con el bot\u00f3n derecho sobre la zona de la imagen del usuario, despliega un peque\u00f1o men\u00fa flotante que permite seleccionar la forma de ventana principal con la cual iniciar el ERP. Esta selecci\u00f3n de la forma de la ventana aplica al comienzo; durante la [&hellip;]<\/p>\n","protected":false},"author":17,"featured_media":0,"comment_status":"closed","ping_status":"closed","template":"","meta":{"footnotes":""},"doc_category":[131],"doc_tag":[],"class_list":["post-2200","docs","type-docs","status-publish","hentry","doc_category-02-recursos-estandar-uso"],"year_month":"2026-04","word_count":472,"total_views":0,"reactions":{"happy":0,"normal":0,"sad":0},"author_info":{"name":"Practicante","author_nicename":"practicante","author_url":"https:\/\/zenitx.com\/sc\/author\/practicante\/"},"doc_category_info":[{"term_name":"02 - Recursos Est\u00e1ndar, Uso","term_url":"https:\/\/zenitx.com\/sc\/categoria\/02-recursos-estandar-uso\/"}],"doc_tag_info":[],"yoast_head":"<!-- This site is optimized with the Yoast SEO plugin v24.6 - https:\/\/yoast.com\/wordpress\/plugins\/seo\/ -->\n<title>Forma de la Ventana Principal - Zenitx Inform\u00e1tica<\/title>\n<meta name=\"robots\" content=\"index, follow, max-snippet:-1, max-image-preview:large, max-video-preview:-1\" \/>\n<link rel=\"canonical\" href=\"https:\/\/zenitx.com\/sc\/know\/forma-de-la-ventana-principal\/\" \/>\n<meta property=\"og:locale\" content=\"es_ES\" \/>\n<meta property=\"og:type\" content=\"article\" \/>\n<meta property=\"og:title\" content=\"Forma de la Ventana Principal - Zenitx Inform\u00e1tica\" \/>\n<meta property=\"og:description\" content=\"Mientras permanece en el di\u00e1logo previo de ingreso al sistema, clic con el bot\u00f3n derecho sobre la zona de la imagen del usuario, despliega un peque\u00f1o men\u00fa flotante que permite seleccionar la forma de ventana principal con la cual iniciar el ERP. Esta selecci\u00f3n de la forma de la ventana aplica al comienzo; durante la [&hellip;]\" \/>\n<meta property=\"og:url\" content=\"https:\/\/zenitx.com\/sc\/know\/forma-de-la-ventana-principal\/\" \/>\n<meta property=\"og:site_name\" content=\"Zenitx Inform\u00e1tica\" \/>\n<meta property=\"article:modified_time\" content=\"2024-01-05T20:26:13+00:00\" \/>\n<meta property=\"og:image\" content=\"https:\/\/zenitx.com\/sc\/wp-content\/uploads\/2023\/12\/image-53.png\" \/>\n<script type=\"application\/ld+json\" class=\"yoast-schema-graph\">{\"@context\":\"https:\/\/schema.org\",\"@graph\":[{\"@type\":\"WebPage\",\"@id\":\"https:\/\/zenitx.com\/sc\/know\/forma-de-la-ventana-principal\/\",\"url\":\"https:\/\/zenitx.com\/sc\/know\/forma-de-la-ventana-principal\/\",\"name\":\"Forma de la Ventana Principal - Zenitx Inform\u00e1tica\",\"isPartOf\":{\"@id\":\"https:\/\/zenitx.com\/sc\/#website\"},\"primaryImageOfPage\":{\"@id\":\"https:\/\/zenitx.com\/sc\/know\/forma-de-la-ventana-principal\/#primaryimage\"},\"image\":{\"@id\":\"https:\/\/zenitx.com\/sc\/know\/forma-de-la-ventana-principal\/#primaryimage\"},\"thumbnailUrl\":\"https:\/\/zenitx.com\/sc\/wp-content\/uploads\/2023\/12\/image-53.png\",\"datePublished\":\"2023-12-04T20:35:36+00:00\",\"dateModified\":\"2024-01-05T20:26:13+00:00\",\"breadcrumb\":{\"@id\":\"https:\/\/zenitx.com\/sc\/know\/forma-de-la-ventana-principal\/#breadcrumb\"},\"inLanguage\":\"es\",\"potentialAction\":[{\"@type\":\"ReadAction\",\"target\":[\"https:\/\/zenitx.com\/sc\/know\/forma-de-la-ventana-principal\/\"]}]},{\"@type\":\"ImageObject\",\"inLanguage\":\"es\",\"@id\":\"https:\/\/zenitx.com\/sc\/know\/forma-de-la-ventana-principal\/#primaryimage\",\"url\":\"https:\/\/zenitx.com\/sc\/wp-content\/uploads\/2023\/12\/image-53.png\",\"contentUrl\":\"https:\/\/zenitx.com\/sc\/wp-content\/uploads\/2023\/12\/image-53.png\",\"width\":583,\"height\":189},{\"@type\":\"BreadcrumbList\",\"@id\":\"https:\/\/zenitx.com\/sc\/know\/forma-de-la-ventana-principal\/#breadcrumb\",\"itemListElement\":[{\"@type\":\"ListItem\",\"position\":1,\"name\":\"Portada\",\"item\":\"https:\/\/zenitx.com\/sc\/\"},{\"@type\":\"ListItem\",\"position\":2,\"name\":\"Manuales\",\"item\":\"https:\/\/zenitx.com\/sc\/know\/\"},{\"@type\":\"ListItem\",\"position\":3,\"name\":\"Forma de la Ventana Principal\"}]},{\"@type\":\"WebSite\",\"@id\":\"https:\/\/zenitx.com\/sc\/#website\",\"url\":\"https:\/\/zenitx.com\/sc\/\",\"name\":\"Zenitx Inform\u00e1tica\",\"description\":\"Servicio al Cliente\",\"publisher\":{\"@id\":\"https:\/\/zenitx.com\/sc\/#organization\"},\"potentialAction\":[{\"@type\":\"SearchAction\",\"target\":{\"@type\":\"EntryPoint\",\"urlTemplate\":\"https:\/\/zenitx.com\/sc\/?s={search_term_string}\"},\"query-input\":{\"@type\":\"PropertyValueSpecification\",\"valueRequired\":true,\"valueName\":\"search_term_string\"}}],\"inLanguage\":\"es\"},{\"@type\":\"Organization\",\"@id\":\"https:\/\/zenitx.com\/sc\/#organization\",\"name\":\"Zenitx Inform\u00e1tica\",\"url\":\"https:\/\/zenitx.com\/sc\/\",\"logo\":{\"@type\":\"ImageObject\",\"inLanguage\":\"es\",\"@id\":\"https:\/\/zenitx.com\/sc\/#\/schema\/logo\/image\/\",\"url\":\"https:\/\/zenitx.com\/sc\/wp-content\/uploads\/2020\/09\/Logo-Zenitx-SC.svg\",\"contentUrl\":\"https:\/\/zenitx.com\/sc\/wp-content\/uploads\/2020\/09\/Logo-Zenitx-SC.svg\",\"width\":330,\"height\":139,\"caption\":\"Zenitx Inform\u00e1tica\"},\"image\":{\"@id\":\"https:\/\/zenitx.com\/sc\/#\/schema\/logo\/image\/\"}}]}<\/script>\n<!-- \/ Yoast SEO plugin. -->","yoast_head_json":{"title":"Forma de la Ventana Principal - Zenitx Inform\u00e1tica","robots":{"index":"index","follow":"follow","max-snippet":"max-snippet:-1","max-image-preview":"max-image-preview:large","max-video-preview":"max-video-preview:-1"},"canonical":"https:\/\/zenitx.com\/sc\/know\/forma-de-la-ventana-principal\/","og_locale":"es_ES","og_type":"article","og_title":"Forma de la Ventana Principal - Zenitx Inform\u00e1tica","og_description":"Mientras permanece en el di\u00e1logo previo de ingreso al sistema, clic con el bot\u00f3n derecho sobre la zona de la imagen del usuario, despliega un peque\u00f1o men\u00fa flotante que permite seleccionar la forma de ventana principal con la cual iniciar el ERP. Esta selecci\u00f3n de la forma de la ventana aplica al comienzo; durante la [&hellip;]","og_url":"https:\/\/zenitx.com\/sc\/know\/forma-de-la-ventana-principal\/","og_site_name":"Zenitx Inform\u00e1tica","article_modified_time":"2024-01-05T20:26:13+00:00","og_image":[{"url":"https:\/\/zenitx.com\/sc\/wp-content\/uploads\/2023\/12\/image-53.png","type":"","width":"","height":""}],"schema":{"@context":"https:\/\/schema.org","@graph":[{"@type":"WebPage","@id":"https:\/\/zenitx.com\/sc\/know\/forma-de-la-ventana-principal\/","url":"https:\/\/zenitx.com\/sc\/know\/forma-de-la-ventana-principal\/","name":"Forma de la Ventana Principal - Zenitx Inform\u00e1tica","isPartOf":{"@id":"https:\/\/zenitx.com\/sc\/#website"},"primaryImageOfPage":{"@id":"https:\/\/zenitx.com\/sc\/know\/forma-de-la-ventana-principal\/#primaryimage"},"image":{"@id":"https:\/\/zenitx.com\/sc\/know\/forma-de-la-ventana-principal\/#primaryimage"},"thumbnailUrl":"https:\/\/zenitx.com\/sc\/wp-content\/uploads\/2023\/12\/image-53.png","datePublished":"2023-12-04T20:35:36+00:00","dateModified":"2024-01-05T20:26:13+00:00","breadcrumb":{"@id":"https:\/\/zenitx.com\/sc\/know\/forma-de-la-ventana-principal\/#breadcrumb"},"inLanguage":"es","potentialAction":[{"@type":"ReadAction","target":["https:\/\/zenitx.com\/sc\/know\/forma-de-la-ventana-principal\/"]}]},{"@type":"ImageObject","inLanguage":"es","@id":"https:\/\/zenitx.com\/sc\/know\/forma-de-la-ventana-principal\/#primaryimage","url":"https:\/\/zenitx.com\/sc\/wp-content\/uploads\/2023\/12\/image-53.png","contentUrl":"https:\/\/zenitx.com\/sc\/wp-content\/uploads\/2023\/12\/image-53.png","width":583,"height":189},{"@type":"BreadcrumbList","@id":"https:\/\/zenitx.com\/sc\/know\/forma-de-la-ventana-principal\/#breadcrumb","itemListElement":[{"@type":"ListItem","position":1,"name":"Portada","item":"https:\/\/zenitx.com\/sc\/"},{"@type":"ListItem","position":2,"name":"Manuales","item":"https:\/\/zenitx.com\/sc\/know\/"},{"@type":"ListItem","position":3,"name":"Forma de la Ventana Principal"}]},{"@type":"WebSite","@id":"https:\/\/zenitx.com\/sc\/#website","url":"https:\/\/zenitx.com\/sc\/","name":"Zenitx Inform\u00e1tica","description":"Servicio al Cliente","publisher":{"@id":"https:\/\/zenitx.com\/sc\/#organization"},"potentialAction":[{"@type":"SearchAction","target":{"@type":"EntryPoint","urlTemplate":"https:\/\/zenitx.com\/sc\/?s={search_term_string}"},"query-input":{"@type":"PropertyValueSpecification","valueRequired":true,"valueName":"search_term_string"}}],"inLanguage":"es"},{"@type":"Organization","@id":"https:\/\/zenitx.com\/sc\/#organization","name":"Zenitx Inform\u00e1tica","url":"https:\/\/zenitx.com\/sc\/","logo":{"@type":"ImageObject","inLanguage":"es","@id":"https:\/\/zenitx.com\/sc\/#\/schema\/logo\/image\/","url":"https:\/\/zenitx.com\/sc\/wp-content\/uploads\/2020\/09\/Logo-Zenitx-SC.svg","contentUrl":"https:\/\/zenitx.com\/sc\/wp-content\/uploads\/2020\/09\/Logo-Zenitx-SC.svg","width":330,"height":139,"caption":"Zenitx Inform\u00e1tica"},"image":{"@id":"https:\/\/zenitx.com\/sc\/#\/schema\/logo\/image\/"}}]}},"_links":{"self":[{"href":"https:\/\/zenitx.com\/sc\/wp-json\/wp\/v2\/docs\/2200","targetHints":{"allow":["GET"]}}],"collection":[{"href":"https:\/\/zenitx.com\/sc\/wp-json\/wp\/v2\/docs"}],"about":[{"href":"https:\/\/zenitx.com\/sc\/wp-json\/wp\/v2\/types\/docs"}],"author":[{"embeddable":true,"href":"https:\/\/zenitx.com\/sc\/wp-json\/wp\/v2\/users\/17"}],"replies":[{"embeddable":true,"href":"https:\/\/zenitx.com\/sc\/wp-json\/wp\/v2\/comments?post=2200"}],"version-history":[{"count":4,"href":"https:\/\/zenitx.com\/sc\/wp-json\/wp\/v2\/docs\/2200\/revisions"}],"predecessor-version":[{"id":3478,"href":"https:\/\/zenitx.com\/sc\/wp-json\/wp\/v2\/docs\/2200\/revisions\/3478"}],"wp:attachment":[{"href":"https:\/\/zenitx.com\/sc\/wp-json\/wp\/v2\/media?parent=2200"}],"wp:term":[{"taxonomy":"doc_category","embeddable":true,"href":"https:\/\/zenitx.com\/sc\/wp-json\/wp\/v2\/doc_category?post=2200"},{"taxonomy":"doc_tag","embeddable":true,"href":"https:\/\/zenitx.com\/sc\/wp-json\/wp\/v2\/doc_tag?post=2200"}],"curies":[{"name":"wp","href":"https:\/\/api.w.org\/{rel}","templated":true}]}}