{"id":3787,"date":"2024-01-17T11:04:40","date_gmt":"2024-01-17T15:04:40","guid":{"rendered":"https:\/\/zenitx.com\/sc\/?post_type=docs&#038;p=3787"},"modified":"2024-01-17T11:04:47","modified_gmt":"2024-01-17T15:04:47","password":"","slug":"documentos-tamano-de-papel-codigo-internacional-de-tamano","status":"publish","type":"docs","link":"https:\/\/zenitx.com\/sc\/know\/documentos-tamano-de-papel-codigo-internacional-de-tamano\/","title":{"rendered":"Documentos, Tama\u00f1o de Papel, C\u00f3digo Internacional de Tama\u00f1o"},"content":{"rendered":"\n<h2 class=\"wp-block-heading\">Impresi\u00f3n de Documentos en Modo Gr\u00e1fico<\/h2>\n\n\n\n<p>En el ID del formato gr\u00e1fico de impresi\u00f3n de documentos, adem\u00e1s de definir las Dimensiones (ancho, alto) del Papel, opcionalmente se puede definir su Tama\u00f1o usando el c\u00f3digo internacional (1: Letter\/Carta, 5: Legal, 6: Statement (media p\u00e1gina), etc.).<\/p>\n\n\n\n<p>Algunas impresoras exigen que se especifique el Tama\u00f1o del Papel; en tales casos debe hacerse, y entonces las Dimensiones del formato no definen el papel a usar porque lo hace el Tama\u00f1o, y todos estos datos son verificados.<\/p>\n\n\n\n<p>Las opciones de contenido del campo de Tama\u00f1o del Papel, son:<\/p>\n\n\n\n<p>-1 para indicar que no aplica el Tama\u00f1o, y que eso no afecta la verificaci\u00f3n de los datos de Dimensi\u00f3n del formato que si es hecha.<\/p>\n\n\n\n<p>0 para indicar que no aplica el Tama\u00f1o y que adem\u00e1s no debe hacerse la verificaci\u00f3n de los datos de Dimensi\u00f3n. Es la opci\u00f3n por omisi\u00f3n al crear los registros de la tabla de formatos de impresi\u00f3n en modo gr\u00e1fico.<\/p>\n\n\n\n<p>&lt;c\u00f3digo de tama\u00f1o&gt; para especificarlo, y que adem\u00e1s de la verificaci\u00f3n de las dimensiones del formato, tambi\u00e9n se verifique el Tama\u00f1o.<\/p>\n\n\n\n<p>En su c\u00f3digo fuente el ERP incluye un listado de Tama\u00f1os de Papel que contiene pr\u00e1cticamente todos los formalmente existentes. El fabricante puede agregar otros, formales o personalizados; entendiendo que la empresa tambi\u00e9n agregar\u00eda su formato en modo gr\u00e1fico con los datos correspondientes para usarlo.<\/p>\n\n\n\n<p>En la versi\u00f3n est\u00e1ndar del ERP el campo de Tama\u00f1o de Papel del formato de impresi\u00f3n en modo gr\u00e1fico incluye las opciones m\u00e1s frecuentes, y tambi\u00e9n se pueden agregar m\u00e1s en la configuraci\u00f3n correspondiente seg\u00fan se requieran.<\/p>\n\n\n\n<p>Cuando el ERP debe verificar el tama\u00f1o o las Dimensiones, o ambos, si encuentra inconsistencias las avisa con un mensaje que especifica el hallazgo.<\/p>\n\n\n\n<p>Cuando encuentra en su listado interno el Tama\u00f1o o las Dimensiones indicadas en el formato de impresi\u00f3n, verifica en la configuraci\u00f3n o propiedades de la impresora a la cual se enviar\u00e1 el documento, que el papel sea el adecuado seg\u00fan sus dimensiones consultadas al sistema operativo. Si no lo son, pide que se ponga el papel con el tama\u00f1o y dimensiones correctas, datos que incluye en el mensaje para facilitar la acci\u00f3n.<\/p>\n\n\n\n<p>Si la verificaci\u00f3n detecta que las dimensiones del papel definidas en el formato de impresi\u00f3n no corresponden, tambi\u00e9n avisa para facilitar que puedan ser corregidas.<\/p>\n\n\n<div class=\"callout nota\">\n    <em class=\"titulo\">Nota<\/em>\n    <p>Las verificaciones no se refieren al papel f\u00edsico puesto en la bandeja de la impresora, sino al indicado en la configuraci\u00f3n de esta.<\/p>\n<p>Cuando el documento cuenta con una Impresora Reservada, las verificaciones no se basan en los datos que el usuario pudiera haber definido temporalmente, sino en los que el sistema operativo reconoce en la configuraci\u00f3n que guarda de dicha impresora.<\/p>\n<p>Al exportar una copia del documento usando su formato de impresi\u00f3n, estas validaciones no aplican.<\/p>\n<p>Cuando la verificaci\u00f3n encuentra cualquier situaci\u00f3n, los avisos son Alertas solamente y no detienen la impresi\u00f3n.<\/p>\n\n<\/div>\t\t<style>div.callout {\n    padding: 0.6rem;\n    background-color: #deeaf6;\n    margin-bottom: 0.9rem;\n    \n    --callout-color-precaucion: #ff0000;\n    --callout-color-nota: #ffc000;\n    --callout-color-sugerencia: #00b050;\n    --callout-color-genial: #00b0f0;\n    --callout-color-code: #c717cb;\n    --callout-color-cita: #767171;\n    --callout-background-color-cita: #f2f2f2;\n    \n    --callout-border-width: 6px;\n}\n\ndiv.precaucion {\n    border-left: var(--callout-color-precaucion) solid var(--callout-border-width);\n    --callout-color-titulo: var(--callout-color-precaucion);\n}\ndiv.nota {\n    border-left: var(--callout-color-nota) solid var(--callout-border-width);\n    --callout-color-titulo: #ed7d32;\n}\ndiv.sugerencia {\n    border-left: var(--callout-color-sugerencia) solid var(--callout-border-width);\n    --callout-color-titulo: var(--callout-color-sugerencia);\n}\ndiv.genial {\n    border-left: var(--callout-color-genial) solid var(--callout-border-width);\n    --callout-color-titulo: var(--callout-color-genial);\n}\ndiv.code {\n    border-left: var(--callout-color-code) solid var(--callout-border-width);\n    --callout-color-titulo: var(--callout-color-code);\n    font-size:0.9em;\n}\ndiv.cita {\n    border-left: var(--callout-color-cita) solid var(--callout-border-width);\n    --callout-color-titulo: var(--callout-color-cita);\n    background-color: var(--callout-background-color-cita);\n    font-style:italic;\n}\n\ndiv.callout > :first-child {\n\tmargin-top:0;\n}\ndiv.callout > :last-child {\n\tmargin-bottom:0;\n}\n\ndiv.callout > em.titulo {\n    display:block;\n    color: var(--callout-color-titulo);\n    font-weight:500;\n    font-size:1rem;\n    line-height:1.2;\n    margin-block-end:0.2rem;\n}\n\ndiv.callout > *:empty {\n    display:none;\n}<\/style>\n\t\t","protected":false},"excerpt":{"rendered":"<p>Impresi\u00f3n de Documentos en Modo Gr\u00e1fico En el ID del formato gr\u00e1fico de impresi\u00f3n de documentos, adem\u00e1s de definir las Dimensiones (ancho, alto) del Papel, opcionalmente se puede definir su Tama\u00f1o usando el c\u00f3digo internacional (1: Letter\/Carta, 5: Legal, 6: Statement (media p\u00e1gina), etc.). Algunas impresoras exigen que se especifique el Tama\u00f1o del Papel; en [&hellip;]<\/p>\n","protected":false},"author":1,"featured_media":0,"comment_status":"closed","ping_status":"closed","template":"","meta":{"footnotes":""},"doc_category":[168],"doc_tag":[],"class_list":["post-3787","docs","type-docs","status-publish","hentry","doc_category-06-casos-practicos"],"year_month":"2026-05","word_count":436,"total_views":0,"reactions":{"happy":0,"normal":0,"sad":0},"author_info":{"name":"admin","author_nicename":"admin","author_url":"https:\/\/zenitx.com\/sc\/author\/admin\/"},"doc_category_info":[{"term_name":"06 - Casos Pr\u00e1cticos","term_url":"https:\/\/zenitx.com\/sc\/categoria\/06-casos-practicos\/"}],"doc_tag_info":[],"yoast_head":"<!-- This site is optimized with the Yoast SEO plugin v24.6 - https:\/\/yoast.com\/wordpress\/plugins\/seo\/ -->\n<title>Documentos, Tama\u00f1o de Papel, C\u00f3digo Internacional de Tama\u00f1o - Zenitx Inform\u00e1tica<\/title>\n<meta name=\"robots\" content=\"index, follow, max-snippet:-1, max-image-preview:large, max-video-preview:-1\" \/>\n<link rel=\"canonical\" href=\"https:\/\/zenitx.com\/sc\/know\/documentos-tamano-de-papel-codigo-internacional-de-tamano\/\" \/>\n<meta property=\"og:locale\" content=\"es_ES\" \/>\n<meta property=\"og:type\" content=\"article\" \/>\n<meta property=\"og:title\" content=\"Documentos, Tama\u00f1o de Papel, C\u00f3digo Internacional de Tama\u00f1o - Zenitx Inform\u00e1tica\" \/>\n<meta property=\"og:description\" content=\"Impresi\u00f3n de Documentos en Modo Gr\u00e1fico En el ID del formato gr\u00e1fico de impresi\u00f3n de documentos, adem\u00e1s de definir las Dimensiones (ancho, alto) del Papel, opcionalmente se puede definir su Tama\u00f1o usando el c\u00f3digo internacional (1: Letter\/Carta, 5: Legal, 6: Statement (media p\u00e1gina), etc.). Algunas impresoras exigen que se especifique el Tama\u00f1o del Papel; en [&hellip;]\" \/>\n<meta property=\"og:url\" content=\"https:\/\/zenitx.com\/sc\/know\/documentos-tamano-de-papel-codigo-internacional-de-tamano\/\" \/>\n<meta property=\"og:site_name\" content=\"Zenitx Inform\u00e1tica\" \/>\n<meta property=\"article:modified_time\" content=\"2024-01-17T15:04:47+00:00\" \/>\n<script type=\"application\/ld+json\" class=\"yoast-schema-graph\">{\"@context\":\"https:\/\/schema.org\",\"@graph\":[{\"@type\":\"WebPage\",\"@id\":\"https:\/\/zenitx.com\/sc\/know\/documentos-tamano-de-papel-codigo-internacional-de-tamano\/\",\"url\":\"https:\/\/zenitx.com\/sc\/know\/documentos-tamano-de-papel-codigo-internacional-de-tamano\/\",\"name\":\"Documentos, Tama\u00f1o de Papel, C\u00f3digo Internacional de Tama\u00f1o - Zenitx Inform\u00e1tica\",\"isPartOf\":{\"@id\":\"https:\/\/zenitx.com\/sc\/#website\"},\"datePublished\":\"2024-01-17T15:04:40+00:00\",\"dateModified\":\"2024-01-17T15:04:47+00:00\",\"breadcrumb\":{\"@id\":\"https:\/\/zenitx.com\/sc\/know\/documentos-tamano-de-papel-codigo-internacional-de-tamano\/#breadcrumb\"},\"inLanguage\":\"es\",\"potentialAction\":[{\"@type\":\"ReadAction\",\"target\":[\"https:\/\/zenitx.com\/sc\/know\/documentos-tamano-de-papel-codigo-internacional-de-tamano\/\"]}]},{\"@type\":\"BreadcrumbList\",\"@id\":\"https:\/\/zenitx.com\/sc\/know\/documentos-tamano-de-papel-codigo-internacional-de-tamano\/#breadcrumb\",\"itemListElement\":[{\"@type\":\"ListItem\",\"position\":1,\"name\":\"Portada\",\"item\":\"https:\/\/zenitx.com\/sc\/\"},{\"@type\":\"ListItem\",\"position\":2,\"name\":\"Manuales\",\"item\":\"https:\/\/zenitx.com\/sc\/know\/\"},{\"@type\":\"ListItem\",\"position\":3,\"name\":\"Documentos, Tama\u00f1o de Papel, C\u00f3digo Internacional de Tama\u00f1o\"}]},{\"@type\":\"WebSite\",\"@id\":\"https:\/\/zenitx.com\/sc\/#website\",\"url\":\"https:\/\/zenitx.com\/sc\/\",\"name\":\"Zenitx Inform\u00e1tica\",\"description\":\"Servicio al Cliente\",\"publisher\":{\"@id\":\"https:\/\/zenitx.com\/sc\/#organization\"},\"potentialAction\":[{\"@type\":\"SearchAction\",\"target\":{\"@type\":\"EntryPoint\",\"urlTemplate\":\"https:\/\/zenitx.com\/sc\/?s={search_term_string}\"},\"query-input\":{\"@type\":\"PropertyValueSpecification\",\"valueRequired\":true,\"valueName\":\"search_term_string\"}}],\"inLanguage\":\"es\"},{\"@type\":\"Organization\",\"@id\":\"https:\/\/zenitx.com\/sc\/#organization\",\"name\":\"Zenitx Inform\u00e1tica\",\"url\":\"https:\/\/zenitx.com\/sc\/\",\"logo\":{\"@type\":\"ImageObject\",\"inLanguage\":\"es\",\"@id\":\"https:\/\/zenitx.com\/sc\/#\/schema\/logo\/image\/\",\"url\":\"https:\/\/zenitx.com\/sc\/wp-content\/uploads\/2020\/09\/Logo-Zenitx-SC.svg\",\"contentUrl\":\"https:\/\/zenitx.com\/sc\/wp-content\/uploads\/2020\/09\/Logo-Zenitx-SC.svg\",\"width\":330,\"height\":139,\"caption\":\"Zenitx Inform\u00e1tica\"},\"image\":{\"@id\":\"https:\/\/zenitx.com\/sc\/#\/schema\/logo\/image\/\"}}]}<\/script>\n<!-- \/ Yoast SEO plugin. -->","yoast_head_json":{"title":"Documentos, Tama\u00f1o de Papel, C\u00f3digo Internacional de Tama\u00f1o - Zenitx Inform\u00e1tica","robots":{"index":"index","follow":"follow","max-snippet":"max-snippet:-1","max-image-preview":"max-image-preview:large","max-video-preview":"max-video-preview:-1"},"canonical":"https:\/\/zenitx.com\/sc\/know\/documentos-tamano-de-papel-codigo-internacional-de-tamano\/","og_locale":"es_ES","og_type":"article","og_title":"Documentos, Tama\u00f1o de Papel, C\u00f3digo Internacional de Tama\u00f1o - Zenitx Inform\u00e1tica","og_description":"Impresi\u00f3n de Documentos en Modo Gr\u00e1fico En el ID del formato gr\u00e1fico de impresi\u00f3n de documentos, adem\u00e1s de definir las Dimensiones (ancho, alto) del Papel, opcionalmente se puede definir su Tama\u00f1o usando el c\u00f3digo internacional (1: Letter\/Carta, 5: Legal, 6: Statement (media p\u00e1gina), etc.). Algunas impresoras exigen que se especifique el Tama\u00f1o del Papel; en [&hellip;]","og_url":"https:\/\/zenitx.com\/sc\/know\/documentos-tamano-de-papel-codigo-internacional-de-tamano\/","og_site_name":"Zenitx Inform\u00e1tica","article_modified_time":"2024-01-17T15:04:47+00:00","schema":{"@context":"https:\/\/schema.org","@graph":[{"@type":"WebPage","@id":"https:\/\/zenitx.com\/sc\/know\/documentos-tamano-de-papel-codigo-internacional-de-tamano\/","url":"https:\/\/zenitx.com\/sc\/know\/documentos-tamano-de-papel-codigo-internacional-de-tamano\/","name":"Documentos, Tama\u00f1o de Papel, C\u00f3digo Internacional de Tama\u00f1o - Zenitx Inform\u00e1tica","isPartOf":{"@id":"https:\/\/zenitx.com\/sc\/#website"},"datePublished":"2024-01-17T15:04:40+00:00","dateModified":"2024-01-17T15:04:47+00:00","breadcrumb":{"@id":"https:\/\/zenitx.com\/sc\/know\/documentos-tamano-de-papel-codigo-internacional-de-tamano\/#breadcrumb"},"inLanguage":"es","potentialAction":[{"@type":"ReadAction","target":["https:\/\/zenitx.com\/sc\/know\/documentos-tamano-de-papel-codigo-internacional-de-tamano\/"]}]},{"@type":"BreadcrumbList","@id":"https:\/\/zenitx.com\/sc\/know\/documentos-tamano-de-papel-codigo-internacional-de-tamano\/#breadcrumb","itemListElement":[{"@type":"ListItem","position":1,"name":"Portada","item":"https:\/\/zenitx.com\/sc\/"},{"@type":"ListItem","position":2,"name":"Manuales","item":"https:\/\/zenitx.com\/sc\/know\/"},{"@type":"ListItem","position":3,"name":"Documentos, Tama\u00f1o de Papel, C\u00f3digo Internacional de Tama\u00f1o"}]},{"@type":"WebSite","@id":"https:\/\/zenitx.com\/sc\/#website","url":"https:\/\/zenitx.com\/sc\/","name":"Zenitx Inform\u00e1tica","description":"Servicio al Cliente","publisher":{"@id":"https:\/\/zenitx.com\/sc\/#organization"},"potentialAction":[{"@type":"SearchAction","target":{"@type":"EntryPoint","urlTemplate":"https:\/\/zenitx.com\/sc\/?s={search_term_string}"},"query-input":{"@type":"PropertyValueSpecification","valueRequired":true,"valueName":"search_term_string"}}],"inLanguage":"es"},{"@type":"Organization","@id":"https:\/\/zenitx.com\/sc\/#organization","name":"Zenitx Inform\u00e1tica","url":"https:\/\/zenitx.com\/sc\/","logo":{"@type":"ImageObject","inLanguage":"es","@id":"https:\/\/zenitx.com\/sc\/#\/schema\/logo\/image\/","url":"https:\/\/zenitx.com\/sc\/wp-content\/uploads\/2020\/09\/Logo-Zenitx-SC.svg","contentUrl":"https:\/\/zenitx.com\/sc\/wp-content\/uploads\/2020\/09\/Logo-Zenitx-SC.svg","width":330,"height":139,"caption":"Zenitx Inform\u00e1tica"},"image":{"@id":"https:\/\/zenitx.com\/sc\/#\/schema\/logo\/image\/"}}]}},"_links":{"self":[{"href":"https:\/\/zenitx.com\/sc\/wp-json\/wp\/v2\/docs\/3787","targetHints":{"allow":["GET"]}}],"collection":[{"href":"https:\/\/zenitx.com\/sc\/wp-json\/wp\/v2\/docs"}],"about":[{"href":"https:\/\/zenitx.com\/sc\/wp-json\/wp\/v2\/types\/docs"}],"author":[{"embeddable":true,"href":"https:\/\/zenitx.com\/sc\/wp-json\/wp\/v2\/users\/1"}],"replies":[{"embeddable":true,"href":"https:\/\/zenitx.com\/sc\/wp-json\/wp\/v2\/comments?post=3787"}],"version-history":[{"count":1,"href":"https:\/\/zenitx.com\/sc\/wp-json\/wp\/v2\/docs\/3787\/revisions"}],"predecessor-version":[{"id":3788,"href":"https:\/\/zenitx.com\/sc\/wp-json\/wp\/v2\/docs\/3787\/revisions\/3788"}],"wp:attachment":[{"href":"https:\/\/zenitx.com\/sc\/wp-json\/wp\/v2\/media?parent=3787"}],"wp:term":[{"taxonomy":"doc_category","embeddable":true,"href":"https:\/\/zenitx.com\/sc\/wp-json\/wp\/v2\/doc_category?post=3787"},{"taxonomy":"doc_tag","embeddable":true,"href":"https:\/\/zenitx.com\/sc\/wp-json\/wp\/v2\/doc_tag?post=3787"}],"curies":[{"name":"wp","href":"https:\/\/api.w.org\/{rel}","templated":true}]}}