{"id":3797,"date":"2024-01-17T11:40:36","date_gmt":"2024-01-17T15:40:36","guid":{"rendered":"https:\/\/zenitx.com\/sc\/?post_type=docs&#038;p=3797"},"modified":"2024-01-17T11:41:48","modified_gmt":"2024-01-17T15:41:48","password":"","slug":"cambiar-contrasena-de-persona-responsable-funcionario","status":"publish","type":"docs","link":"https:\/\/zenitx.com\/sc\/know\/cambiar-contrasena-de-persona-responsable-funcionario\/","title":{"rendered":"Cambiar Contrase\u00f1a de Persona Responsable (funcionario)"},"content":{"rendered":"\n<h2 class=\"wp-block-heading\">Situaci\u00f3n<\/h2>\n\n\n\n<p>Sigue\u00ae ERP mantiene el control de la renovaci\u00f3n de las claves de Persona Responsable, para garantizar que sean privadas, seg\u00fan se haya configurado en el registro maestro de cada uno.<\/p>\n\n\n\n<p>Cada cierto tiempo, seg\u00fan est\u00e9 configurado, cuando un funcionario autorizado usa su clave de Persona Responsable donde el sistema la solicite, el ERP verifica y le avisa que est\u00e1 pr\u00f3xima a vencer, hasta que finalmente le avisa que est\u00e1 vencida y no le permite usarla y le da acceso al di\u00e1logo para cambiarla, si no la ha renovado pese a los avisos.<\/p>\n\n\n\n<p>Tambi\u00e9n puede suceder que el usuario deba cambiarla porque, por ejemplo, sospecha que alguien la conoce y quiere asegurar que no sea as\u00ed.<\/p>\n\n\n\n<h2 class=\"wp-block-heading\">Motivo<\/h2>\n\n\n\n<p>Cada funcionario es responsable de que su contrase\u00f1a de persona responsable sea privada y garantice que cada vez que agrega, genera, modifica o elimina informaci\u00f3n, el registro o historial que deja el sistema sea correcto y respalde su labor.<\/p>\n\n\n\n<p>Cada cierto tiempo el software obliga cambiarla seg\u00fan est\u00e9 configurado, o el funcionario puede requerir cambiarla voluntariamente.<\/p>\n\n\n\n<h2 class=\"wp-block-heading\">Soluci\u00f3n<\/h2>\n\n\n\n<p>Si no es el sistema que lo envi\u00f3 all\u00e1<\/p>\n\n\n\n<ol class=\"wp-block-list\">\n<li>En el men\u00fa principal vaya a RRHH \u2013&gt; Funcionarios empresa.<\/li>\n\n\n\n<li>Busque su propio registro de funcionario y posicione el cursor sobre \u00e9l.<\/li>\n\n\n\n<li>Haga clic sobre \u00e9l con el bot\u00f3n derecho, o elija Herramientas desde los men\u00fas superiores.<\/li>\n\n\n\n<li>Seleccione \u201cCambiar contrase\u00f1a de Persona Responsable\u201d<\/li>\n<\/ol>\n\n\n\n<p><\/p>\n\n\n\n<p>Siempre<\/p>\n\n\n\n<ul class=\"wp-block-list\">\n<li>En el di\u00e1logo que se despliega, tal como lo indica, escriba su contrase\u00f1a actual, para validar su identidad, y presione Enter.<\/li>\n\n\n\n<li>Escriba la nueva contrase\u00f1a, que debe ser diferente a la actual, y presione Enter.<\/li>\n\n\n\n<li>Vuelva a escribir la nueva contrase\u00f1a, para confirmar y asegurar que no haya un error, y presione Enter.<\/li>\n\n\n\n<li>Presione el bot\u00f3n Aceptar para dar de alta el proceso.<\/li>\n<\/ul>\n\n\n\n<h2 class=\"wp-block-heading\">Observaciones<\/h2>\n\n\n\n<p>Si comete un error, siga las instrucciones que reciba.<\/p>\n","protected":false},"excerpt":{"rendered":"<p>Situaci\u00f3n Sigue\u00ae ERP mantiene el control de la renovaci\u00f3n de las claves de Persona Responsable, para garantizar que sean privadas, seg\u00fan se haya configurado en el registro maestro de cada uno. Cada cierto tiempo, seg\u00fan est\u00e9 configurado, cuando un funcionario autorizado usa su clave de Persona Responsable donde el sistema la solicite, el ERP verifica [&hellip;]<\/p>\n","protected":false},"author":1,"featured_media":0,"comment_status":"closed","ping_status":"closed","template":"","meta":{"footnotes":""},"doc_category":[169],"doc_tag":[],"class_list":["post-3797","docs","type-docs","status-publish","hentry","doc_category-07-preguntas-y-situaciones"],"year_month":"2026-05","word_count":319,"total_views":0,"reactions":{"happy":0,"normal":0,"sad":0},"author_info":{"name":"admin","author_nicename":"admin","author_url":"https:\/\/zenitx.com\/sc\/author\/admin\/"},"doc_category_info":[{"term_name":"07 - Preguntas y Situaciones","term_url":"https:\/\/zenitx.com\/sc\/categoria\/07-preguntas-y-situaciones\/"}],"doc_tag_info":[],"yoast_head":"<!-- This site is optimized with the Yoast SEO plugin v24.6 - https:\/\/yoast.com\/wordpress\/plugins\/seo\/ -->\n<title>Cambiar Contrase\u00f1a de Persona Responsable (funcionario) - Zenitx Inform\u00e1tica<\/title>\n<meta name=\"robots\" content=\"index, follow, max-snippet:-1, max-image-preview:large, max-video-preview:-1\" \/>\n<link rel=\"canonical\" href=\"https:\/\/zenitx.com\/sc\/know\/cambiar-contrasena-de-persona-responsable-funcionario\/\" \/>\n<meta property=\"og:locale\" content=\"es_ES\" \/>\n<meta property=\"og:type\" content=\"article\" \/>\n<meta property=\"og:title\" content=\"Cambiar Contrase\u00f1a de Persona Responsable (funcionario) - Zenitx Inform\u00e1tica\" \/>\n<meta property=\"og:description\" content=\"Situaci\u00f3n Sigue\u00ae ERP mantiene el control de la renovaci\u00f3n de las claves de Persona Responsable, para garantizar que sean privadas, seg\u00fan se haya configurado en el registro maestro de cada uno. Cada cierto tiempo, seg\u00fan est\u00e9 configurado, cuando un funcionario autorizado usa su clave de Persona Responsable donde el sistema la solicite, el ERP verifica [&hellip;]\" \/>\n<meta property=\"og:url\" content=\"https:\/\/zenitx.com\/sc\/know\/cambiar-contrasena-de-persona-responsable-funcionario\/\" \/>\n<meta property=\"og:site_name\" content=\"Zenitx Inform\u00e1tica\" \/>\n<meta property=\"article:modified_time\" content=\"2024-01-17T15:41:48+00:00\" \/>\n<script type=\"application\/ld+json\" class=\"yoast-schema-graph\">{\"@context\":\"https:\/\/schema.org\",\"@graph\":[{\"@type\":\"WebPage\",\"@id\":\"https:\/\/zenitx.com\/sc\/know\/cambiar-contrasena-de-persona-responsable-funcionario\/\",\"url\":\"https:\/\/zenitx.com\/sc\/know\/cambiar-contrasena-de-persona-responsable-funcionario\/\",\"name\":\"Cambiar Contrase\u00f1a de Persona Responsable (funcionario) - Zenitx Inform\u00e1tica\",\"isPartOf\":{\"@id\":\"https:\/\/zenitx.com\/sc\/#website\"},\"datePublished\":\"2024-01-17T15:40:36+00:00\",\"dateModified\":\"2024-01-17T15:41:48+00:00\",\"breadcrumb\":{\"@id\":\"https:\/\/zenitx.com\/sc\/know\/cambiar-contrasena-de-persona-responsable-funcionario\/#breadcrumb\"},\"inLanguage\":\"es\",\"potentialAction\":[{\"@type\":\"ReadAction\",\"target\":[\"https:\/\/zenitx.com\/sc\/know\/cambiar-contrasena-de-persona-responsable-funcionario\/\"]}]},{\"@type\":\"BreadcrumbList\",\"@id\":\"https:\/\/zenitx.com\/sc\/know\/cambiar-contrasena-de-persona-responsable-funcionario\/#breadcrumb\",\"itemListElement\":[{\"@type\":\"ListItem\",\"position\":1,\"name\":\"Portada\",\"item\":\"https:\/\/zenitx.com\/sc\/\"},{\"@type\":\"ListItem\",\"position\":2,\"name\":\"Manuales\",\"item\":\"https:\/\/zenitx.com\/sc\/know\/\"},{\"@type\":\"ListItem\",\"position\":3,\"name\":\"Cambiar Contrase\u00f1a de Persona Responsable (funcionario)\"}]},{\"@type\":\"WebSite\",\"@id\":\"https:\/\/zenitx.com\/sc\/#website\",\"url\":\"https:\/\/zenitx.com\/sc\/\",\"name\":\"Zenitx Inform\u00e1tica\",\"description\":\"Servicio al Cliente\",\"publisher\":{\"@id\":\"https:\/\/zenitx.com\/sc\/#organization\"},\"potentialAction\":[{\"@type\":\"SearchAction\",\"target\":{\"@type\":\"EntryPoint\",\"urlTemplate\":\"https:\/\/zenitx.com\/sc\/?s={search_term_string}\"},\"query-input\":{\"@type\":\"PropertyValueSpecification\",\"valueRequired\":true,\"valueName\":\"search_term_string\"}}],\"inLanguage\":\"es\"},{\"@type\":\"Organization\",\"@id\":\"https:\/\/zenitx.com\/sc\/#organization\",\"name\":\"Zenitx Inform\u00e1tica\",\"url\":\"https:\/\/zenitx.com\/sc\/\",\"logo\":{\"@type\":\"ImageObject\",\"inLanguage\":\"es\",\"@id\":\"https:\/\/zenitx.com\/sc\/#\/schema\/logo\/image\/\",\"url\":\"https:\/\/zenitx.com\/sc\/wp-content\/uploads\/2020\/09\/Logo-Zenitx-SC.svg\",\"contentUrl\":\"https:\/\/zenitx.com\/sc\/wp-content\/uploads\/2020\/09\/Logo-Zenitx-SC.svg\",\"width\":330,\"height\":139,\"caption\":\"Zenitx Inform\u00e1tica\"},\"image\":{\"@id\":\"https:\/\/zenitx.com\/sc\/#\/schema\/logo\/image\/\"}}]}<\/script>\n<!-- \/ Yoast SEO plugin. -->","yoast_head_json":{"title":"Cambiar Contrase\u00f1a de Persona Responsable (funcionario) - Zenitx Inform\u00e1tica","robots":{"index":"index","follow":"follow","max-snippet":"max-snippet:-1","max-image-preview":"max-image-preview:large","max-video-preview":"max-video-preview:-1"},"canonical":"https:\/\/zenitx.com\/sc\/know\/cambiar-contrasena-de-persona-responsable-funcionario\/","og_locale":"es_ES","og_type":"article","og_title":"Cambiar Contrase\u00f1a de Persona Responsable (funcionario) - Zenitx Inform\u00e1tica","og_description":"Situaci\u00f3n Sigue\u00ae ERP mantiene el control de la renovaci\u00f3n de las claves de Persona Responsable, para garantizar que sean privadas, seg\u00fan se haya configurado en el registro maestro de cada uno. Cada cierto tiempo, seg\u00fan est\u00e9 configurado, cuando un funcionario autorizado usa su clave de Persona Responsable donde el sistema la solicite, el ERP verifica [&hellip;]","og_url":"https:\/\/zenitx.com\/sc\/know\/cambiar-contrasena-de-persona-responsable-funcionario\/","og_site_name":"Zenitx Inform\u00e1tica","article_modified_time":"2024-01-17T15:41:48+00:00","schema":{"@context":"https:\/\/schema.org","@graph":[{"@type":"WebPage","@id":"https:\/\/zenitx.com\/sc\/know\/cambiar-contrasena-de-persona-responsable-funcionario\/","url":"https:\/\/zenitx.com\/sc\/know\/cambiar-contrasena-de-persona-responsable-funcionario\/","name":"Cambiar Contrase\u00f1a de Persona Responsable (funcionario) - Zenitx Inform\u00e1tica","isPartOf":{"@id":"https:\/\/zenitx.com\/sc\/#website"},"datePublished":"2024-01-17T15:40:36+00:00","dateModified":"2024-01-17T15:41:48+00:00","breadcrumb":{"@id":"https:\/\/zenitx.com\/sc\/know\/cambiar-contrasena-de-persona-responsable-funcionario\/#breadcrumb"},"inLanguage":"es","potentialAction":[{"@type":"ReadAction","target":["https:\/\/zenitx.com\/sc\/know\/cambiar-contrasena-de-persona-responsable-funcionario\/"]}]},{"@type":"BreadcrumbList","@id":"https:\/\/zenitx.com\/sc\/know\/cambiar-contrasena-de-persona-responsable-funcionario\/#breadcrumb","itemListElement":[{"@type":"ListItem","position":1,"name":"Portada","item":"https:\/\/zenitx.com\/sc\/"},{"@type":"ListItem","position":2,"name":"Manuales","item":"https:\/\/zenitx.com\/sc\/know\/"},{"@type":"ListItem","position":3,"name":"Cambiar Contrase\u00f1a de Persona Responsable (funcionario)"}]},{"@type":"WebSite","@id":"https:\/\/zenitx.com\/sc\/#website","url":"https:\/\/zenitx.com\/sc\/","name":"Zenitx Inform\u00e1tica","description":"Servicio al Cliente","publisher":{"@id":"https:\/\/zenitx.com\/sc\/#organization"},"potentialAction":[{"@type":"SearchAction","target":{"@type":"EntryPoint","urlTemplate":"https:\/\/zenitx.com\/sc\/?s={search_term_string}"},"query-input":{"@type":"PropertyValueSpecification","valueRequired":true,"valueName":"search_term_string"}}],"inLanguage":"es"},{"@type":"Organization","@id":"https:\/\/zenitx.com\/sc\/#organization","name":"Zenitx Inform\u00e1tica","url":"https:\/\/zenitx.com\/sc\/","logo":{"@type":"ImageObject","inLanguage":"es","@id":"https:\/\/zenitx.com\/sc\/#\/schema\/logo\/image\/","url":"https:\/\/zenitx.com\/sc\/wp-content\/uploads\/2020\/09\/Logo-Zenitx-SC.svg","contentUrl":"https:\/\/zenitx.com\/sc\/wp-content\/uploads\/2020\/09\/Logo-Zenitx-SC.svg","width":330,"height":139,"caption":"Zenitx Inform\u00e1tica"},"image":{"@id":"https:\/\/zenitx.com\/sc\/#\/schema\/logo\/image\/"}}]}},"_links":{"self":[{"href":"https:\/\/zenitx.com\/sc\/wp-json\/wp\/v2\/docs\/3797","targetHints":{"allow":["GET"]}}],"collection":[{"href":"https:\/\/zenitx.com\/sc\/wp-json\/wp\/v2\/docs"}],"about":[{"href":"https:\/\/zenitx.com\/sc\/wp-json\/wp\/v2\/types\/docs"}],"author":[{"embeddable":true,"href":"https:\/\/zenitx.com\/sc\/wp-json\/wp\/v2\/users\/1"}],"replies":[{"embeddable":true,"href":"https:\/\/zenitx.com\/sc\/wp-json\/wp\/v2\/comments?post=3797"}],"version-history":[{"count":2,"href":"https:\/\/zenitx.com\/sc\/wp-json\/wp\/v2\/docs\/3797\/revisions"}],"predecessor-version":[{"id":3800,"href":"https:\/\/zenitx.com\/sc\/wp-json\/wp\/v2\/docs\/3797\/revisions\/3800"}],"wp:attachment":[{"href":"https:\/\/zenitx.com\/sc\/wp-json\/wp\/v2\/media?parent=3797"}],"wp:term":[{"taxonomy":"doc_category","embeddable":true,"href":"https:\/\/zenitx.com\/sc\/wp-json\/wp\/v2\/doc_category?post=3797"},{"taxonomy":"doc_tag","embeddable":true,"href":"https:\/\/zenitx.com\/sc\/wp-json\/wp\/v2\/doc_tag?post=3797"}],"curies":[{"name":"wp","href":"https:\/\/api.w.org\/{rel}","templated":true}]}}